{"id":22,"date":"2025-01-15T20:42:41","date_gmt":"2025-01-15T12:42:41","guid":{"rendered":"http:\/\/ccs.ichn.eu\/?page_id=22"},"modified":"2025-07-22T21:25:25","modified_gmt":"2025-07-22T19:25:25","slug":"news-page","status":"publish","type":"page","link":"https:\/\/chinesische-sprachschule-stuttgart.de\/de_de\/news-page\/","title":{"rendered":"Aktivit\u00e4ten"},"content":{"rendered":"<div class=\"wp-block-stackable-posts stk-block-posts stk-block stk-908a52e is-style-default\" data-v=\"2\" data-block-id=\"908a52e\"><style>.stk-908a52e {--stk-columns:2 !important;overflow:hidden !important;}.stk-908a52e-container{padding-top:15px !important;padding-right:15px !important;padding-bottom:15px !important;padding-left:15px !important;}.stk-908a52e .stk-img-wrapper{width:100% !important;}.stk-908a52e .stk-img-wrapper img{border-radius:10px !important;}.stk-908a52e .stk-block-posts__meta{font-size:12px !important;color:#1a4673 !important;line-height:0.1em !important;}@media screen and (max-width: 1023px){.stk-908a52e .stk-block-posts__meta{font-size:12px !important;}}@media screen and (max-width: 767px){.stk-908a52e {--stk-columns:1 !important;}.stk-908a52e-container{padding-top:5px !important;padding-right:5px !important;padding-bottom:5px !important;padding-left:5px !important;}}<\/style><div class=\"stk-inner-blocks stk-content-align stk-908a52e-column\"><div class=\"stk-block-posts__items\"><div class=\"stk-block-posts__item\"><div class=\"stk-container stk-908a52e-container stk--no-background stk--no-padding\"><article><a href=\"https:\/\/chinesische-sprachschule-stuttgart.de\/de_de\/2026\/03\/04\/fruhlingsfest-auf-dem-tempelmarkt-in-stuttgart-chinesisches-neujahr-in-der-schule\/\" class=\"stk-block-posts__image-link\"><figure class=\"stk-img-wrapper stk-image--shape-stretch\"><img decoding=\"async\" src=\"https:\/\/chinesische-sprachschule-stuttgart.de\/media\/2026\/03\/0-199f8376.jpg\" class=\"attachment-full size-full wp-post-image\" alt=\"\" title=\"\"><\/figure><\/a><h3 class=\"stk-block-posts__title\"><a href='https:\/\/chinesische-sprachschule-stuttgart.de\/de_de\/2026\/03\/04\/fruhlingsfest-auf-dem-tempelmarkt-in-stuttgart-chinesisches-neujahr-in-der-schule\/'>Fr\u00fchlingsfest auf dem Tempelmarkt in Stuttgart: Chinesisches Neujahr in der Schule<\/a><\/h3><div class=\"stk-block-posts__excerpt\"><p>Neujahrstempelmarkt zum Jahr des Pferdes auf dem Campus Eine milde Fr\u00fchlingsbris&hellip;<\/p>\n<\/div><aside class=\"stk-block-posts__meta stk-subtitle has-text-align-right has-text-color\"><span>author<\/span><span class=\"stk-block-posts__meta-sep\">\u00b7<\/span><time datetime=\"2026-03-04T18:16:20+01:00\">2026\u5e743\u67084\u65e5<\/time><\/aside><\/article><\/div><\/div><div class=\"stk-block-posts__item\"><div class=\"stk-container stk-908a52e-container stk--no-background stk--no-padding\"><article><a href=\"https:\/\/chinesische-sprachschule-stuttgart.de\/de_de\/2025\/11\/25\/symposium-in-stuttgart-gemeinsam-die-chinesische-bildung-beflugeln\/\" class=\"stk-block-posts__image-link\"><figure class=\"stk-img-wrapper stk-image--shape-stretch\"><img loading=\"lazy\" decoding=\"async\" width=\"885\" height=\"376\" src=\"https:\/\/chinesische-sprachschule-stuttgart.de\/media\/2025\/12\/wxsync-2025-12-0dba03194f888080a5185af839c7e92a.webp\" class=\"attachment-full size-full not-transparent wp-post-image\" alt=\"\" srcset=\"https:\/\/chinesische-sprachschule-stuttgart.de\/media\/2025\/12\/wxsync-2025-12-0dba03194f888080a5185af839c7e92a.webp 885w, https:\/\/chinesische-sprachschule-stuttgart.de\/media\/2025\/12\/wxsync-2025-12-0dba03194f888080a5185af839c7e92a-300x127.webp 300w, https:\/\/chinesische-sprachschule-stuttgart.de\/media\/2025\/12\/wxsync-2025-12-0dba03194f888080a5185af839c7e92a-768x326.webp 768w, https:\/\/chinesische-sprachschule-stuttgart.de\/media\/2025\/12\/wxsync-2025-12-0dba03194f888080a5185af839c7e92a-18x8.webp 18w\" sizes=\"auto, (max-width: 885px) 100vw, 885px\" data-has-transparency=\"false\" data-dominant-color=\"8e6256\" title=\"\"><\/figure><\/a><h3 class=\"stk-block-posts__title\"><a href='https:\/\/chinesische-sprachschule-stuttgart.de\/de_de\/2025\/11\/25\/symposium-in-stuttgart-gemeinsam-die-chinesische-bildung-beflugeln\/'>Symposium in Stuttgart: Gemeinsam die chinesische Bildung befl\u00fcgeln<\/a><\/h3><div class=\"stk-block-posts__excerpt\"><p>Symposium der Lehrkr\u00e4fte der Chinesischen Schulen in Deutschland Am 23. November&hellip;<\/p>\n<\/div><aside class=\"stk-block-posts__meta stk-subtitle has-text-align-right has-text-color\"><span>author<\/span><span class=\"stk-block-posts__meta-sep\">\u00b7<\/span><time datetime=\"2025-11-25T17:37:24+01:00\">2025\u5e7411\u670825\u65e5<\/time><\/aside><\/article><\/div><\/div><div class=\"stk-block-posts__item\"><div class=\"stk-container stk-908a52e-container stk--no-background stk--no-padding\"><article><a href=\"https:\/\/chinesische-sprachschule-stuttgart.de\/de_de\/2025\/10\/13\/das-herbstfest-mit-seinem-tanz-im-glanz-der-farben-die-sprache-die-kleidung-und-die-kultur-der-han\/\" class=\"stk-block-posts__image-link\"><figure class=\"stk-img-wrapper stk-image--shape-stretch\"><img loading=\"lazy\" decoding=\"async\" width=\"1080\" height=\"460\" src=\"https:\/\/chinesische-sprachschule-stuttgart.de\/media\/2025\/10\/wxsync-2025-10-3226b9b130e68abc552062c8dfcf9bd2.webp\" class=\"attachment-full size-full not-transparent wp-post-image\" alt=\"\" srcset=\"https:\/\/chinesische-sprachschule-stuttgart.de\/media\/2025\/10\/wxsync-2025-10-3226b9b130e68abc552062c8dfcf9bd2.webp 1080w, https:\/\/chinesische-sprachschule-stuttgart.de\/media\/2025\/10\/wxsync-2025-10-3226b9b130e68abc552062c8dfcf9bd2-300x128.webp 300w, https:\/\/chinesische-sprachschule-stuttgart.de\/media\/2025\/10\/wxsync-2025-10-3226b9b130e68abc552062c8dfcf9bd2-1024x436.webp 1024w, https:\/\/chinesische-sprachschule-stuttgart.de\/media\/2025\/10\/wxsync-2025-10-3226b9b130e68abc552062c8dfcf9bd2-768x327.webp 768w, https:\/\/chinesische-sprachschule-stuttgart.de\/media\/2025\/10\/wxsync-2025-10-3226b9b130e68abc552062c8dfcf9bd2-18x8.webp 18w\" sizes=\"auto, (max-width: 1080px) 100vw, 1080px\" data-has-transparency=\"false\" data-dominant-color=\"7e665c\" title=\"\"><\/figure><\/a><h3 class=\"stk-block-posts__title\"><a href='https:\/\/chinesische-sprachschule-stuttgart.de\/de_de\/2025\/10\/13\/das-herbstfest-mit-seinem-tanz-im-glanz-der-farben-die-sprache-die-kleidung-und-die-kultur-der-han\/'>Das Herbstfest mit seinem Tanz im Glanz der Farben; die Sprache, die Kleidung und die Kultur der Han<\/a><\/h3><div class=\"stk-block-posts__excerpt\"><p>Zusammenkunft im goldenen Herbst \u00b7 Gemeinsames Feiern der Feste Drei Erwachsenen&hellip;<\/p>\n<\/div><aside class=\"stk-block-posts__meta stk-subtitle has-text-align-right has-text-color\"><span>author<\/span><span class=\"stk-block-posts__meta-sep\">\u00b7<\/span><time datetime=\"2025-10-13T16:55:00+02:00\">2025\u5e7410\u670813\u65e5<\/time><\/aside><\/article><\/div><\/div><div class=\"stk-block-posts__item\"><div class=\"stk-container stk-908a52e-container stk--no-background stk--no-padding\"><article><a href=\"https:\/\/chinesische-sprachschule-stuttgart.de\/de_de\/2025\/07\/30\/ein-lebendiger-sommercampus-ein-frohliches-fest-vor-den-ferien\/\" class=\"stk-block-posts__image-link\"><figure class=\"stk-img-wrapper stk-image--shape-stretch\"><img loading=\"lazy\" decoding=\"async\" width=\"1080\" height=\"459\" src=\"https:\/\/chinesische-sprachschule-stuttgart.de\/media\/2025\/08\/wxsync-2025-08-f0952642e71d65cb3bfff6c8344eefca.webp\" class=\"attachment-full size-full not-transparent wp-post-image\" alt=\"\" srcset=\"https:\/\/chinesische-sprachschule-stuttgart.de\/media\/2025\/08\/wxsync-2025-08-f0952642e71d65cb3bfff6c8344eefca.webp 1080w, https:\/\/chinesische-sprachschule-stuttgart.de\/media\/2025\/08\/wxsync-2025-08-f0952642e71d65cb3bfff6c8344eefca-300x128.webp 300w, https:\/\/chinesische-sprachschule-stuttgart.de\/media\/2025\/08\/wxsync-2025-08-f0952642e71d65cb3bfff6c8344eefca-1024x435.webp 1024w, https:\/\/chinesische-sprachschule-stuttgart.de\/media\/2025\/08\/wxsync-2025-08-f0952642e71d65cb3bfff6c8344eefca-768x326.webp 768w, https:\/\/chinesische-sprachschule-stuttgart.de\/media\/2025\/08\/wxsync-2025-08-f0952642e71d65cb3bfff6c8344eefca-18x8.webp 18w\" sizes=\"auto, (max-width: 1080px) 100vw, 1080px\" data-has-transparency=\"false\" data-dominant-color=\"756e72\" title=\"\"><\/figure><\/a><h3 class=\"stk-block-posts__title\"><a href='https:\/\/chinesische-sprachschule-stuttgart.de\/de_de\/2025\/07\/30\/ein-lebendiger-sommercampus-ein-frohliches-fest-vor-den-ferien\/'>Ein lebendiger Sommercampus, ein fr\u00f6hliches Fest vor den Ferien<\/a><\/h3><div class=\"stk-block-posts__excerpt\"><p>Nach dem Sommerregen kommt die Begeisterung, die nahenden Sommerferien feiern da&hellip;<\/p>\n<\/div><aside class=\"stk-block-posts__meta stk-subtitle has-text-align-right has-text-color\"><span>author<\/span><span class=\"stk-block-posts__meta-sep\">\u00b7<\/span><time datetime=\"2025-07-30T12:42:00+02:00\">2025\u5e747\u670830\u65e5<\/time><\/aside><\/article><\/div><\/div><div class=\"stk-block-posts__item\"><div class=\"stk-container stk-908a52e-container stk--no-background stk--no-padding\"><article><a href=\"https:\/\/chinesische-sprachschule-stuttgart.de\/de_de\/2025\/07\/28\/chinesische-elemente-auf-der-jahresabschlussfeier-des-porsche-gymnasiums\/\" class=\"stk-block-posts__image-link\"><figure class=\"stk-img-wrapper stk-image--shape-stretch\"><img loading=\"lazy\" decoding=\"async\" width=\"1280\" height=\"544\" src=\"https:\/\/chinesische-sprachschule-stuttgart.de\/media\/2025\/08\/wxsync-2025-08-148435713c92957c3c1f6f578b9e08bb.webp\" class=\"attachment-full size-full not-transparent wp-post-image\" alt=\"\" srcset=\"https:\/\/chinesische-sprachschule-stuttgart.de\/media\/2025\/08\/wxsync-2025-08-148435713c92957c3c1f6f578b9e08bb.webp 1280w, https:\/\/chinesische-sprachschule-stuttgart.de\/media\/2025\/08\/wxsync-2025-08-148435713c92957c3c1f6f578b9e08bb-300x128.webp 300w, https:\/\/chinesische-sprachschule-stuttgart.de\/media\/2025\/08\/wxsync-2025-08-148435713c92957c3c1f6f578b9e08bb-1024x435.webp 1024w, https:\/\/chinesische-sprachschule-stuttgart.de\/media\/2025\/08\/wxsync-2025-08-148435713c92957c3c1f6f578b9e08bb-768x326.webp 768w, https:\/\/chinesische-sprachschule-stuttgart.de\/media\/2025\/08\/wxsync-2025-08-148435713c92957c3c1f6f578b9e08bb-18x8.webp 18w\" sizes=\"auto, (max-width: 1280px) 100vw, 1280px\" data-has-transparency=\"false\" data-dominant-color=\"7a6c67\" title=\"\"><\/figure><\/a><h3 class=\"stk-block-posts__title\"><a href='https:\/\/chinesische-sprachschule-stuttgart.de\/de_de\/2025\/07\/28\/chinesische-elemente-auf-der-jahresabschlussfeier-des-porsche-gymnasiums\/'>Chinesische Elemente auf der Jahresabschlussfeier des Porsche-Gymnasiums<\/a><\/h3><div class=\"stk-block-posts__excerpt\"><p>Abschlussfeier am Porsche-Gymnasium: Ein fr\u00f6hlicher Campus Volkst\u00e4nze der Chines&hellip;<\/p>\n<\/div><aside class=\"stk-block-posts__meta stk-subtitle has-text-align-right has-text-color\"><span>author<\/span><span class=\"stk-block-posts__meta-sep\">\u00b7<\/span><time datetime=\"2025-07-28T10:23:00+02:00\">2025\u5e747\u670828\u65e5<\/time><\/aside><\/article><\/div><\/div><div class=\"stk-block-posts__item\"><div class=\"stk-container stk-908a52e-container stk--no-background stk--no-padding\"><article><a href=\"https:\/\/chinesische-sprachschule-stuttgart.de\/de_de\/2025\/07\/12\/stundenplan-neue-klassen-und-interessenkurse-der-chinesischen-sprachschule-stuttgart-fur-das-schuljahr-2025-2026\/\" class=\"stk-block-posts__image-link\"><figure class=\"stk-img-wrapper stk-image--shape-stretch\"><img loading=\"lazy\" decoding=\"async\" width=\"1024\" height=\"435\" src=\"https:\/\/chinesische-sprachschule-stuttgart.de\/media\/2025\/07\/wxsync-2025-07-2ab3fe5f4e63d066dc6115cc2c55328b.webp\" class=\"attachment-full size-full not-transparent wp-post-image\" alt=\"\" srcset=\"https:\/\/chinesische-sprachschule-stuttgart.de\/media\/2025\/07\/wxsync-2025-07-2ab3fe5f4e63d066dc6115cc2c55328b.webp 1024w, https:\/\/chinesische-sprachschule-stuttgart.de\/media\/2025\/07\/wxsync-2025-07-2ab3fe5f4e63d066dc6115cc2c55328b-300x127.webp 300w, https:\/\/chinesische-sprachschule-stuttgart.de\/media\/2025\/07\/wxsync-2025-07-2ab3fe5f4e63d066dc6115cc2c55328b-768x326.webp 768w, https:\/\/chinesische-sprachschule-stuttgart.de\/media\/2025\/07\/wxsync-2025-07-2ab3fe5f4e63d066dc6115cc2c55328b-18x8.webp 18w\" sizes=\"auto, (max-width: 1024px) 100vw, 1024px\" data-has-transparency=\"false\" data-dominant-color=\"a19080\" title=\"\"><\/figure><\/a><h3 class=\"stk-block-posts__title\"><a href='https:\/\/chinesische-sprachschule-stuttgart.de\/de_de\/2025\/07\/12\/stundenplan-neue-klassen-und-interessenkurse-der-chinesischen-sprachschule-stuttgart-fur-das-schuljahr-2025-2026\/'>Stundenplan, neue Klassen und Interessenkurse der Chinesischen Sprachschule Stuttgart f\u00fcr das Schuljahr 2025\/2026<\/a><\/h3><div class=\"stk-block-posts__excerpt\"><p>Chinesische Sprachschule Stuttgart Hauptcampus: Ferdinand-Porsche-Gymnasium Hald&hellip;<\/p>\n<\/div><aside class=\"stk-block-posts__meta stk-subtitle has-text-align-right has-text-color\"><span>author<\/span><span class=\"stk-block-posts__meta-sep\">\u00b7<\/span><time datetime=\"2025-07-12T12:10:13+02:00\">2025\u5e747\u670812\u65e5<\/time><\/aside><\/article><\/div><\/div><div class=\"stk-block-posts__item\"><div class=\"stk-container stk-908a52e-container stk--no-background stk--no-padding\"><article><a href=\"https:\/\/chinesische-sprachschule-stuttgart.de\/de_de\/2025\/07\/02\/treffen-der-online-kursteilnehmer-mit-dem-duft-von-pinsel-und-tusche-landschaften-malen\/\" class=\"stk-block-posts__image-link\"><figure class=\"stk-img-wrapper stk-image--shape-stretch\"><img loading=\"lazy\" decoding=\"async\" width=\"1280\" height=\"544\" src=\"https:\/\/chinesische-sprachschule-stuttgart.de\/media\/2025\/07\/wxsync-2025-07-53c01afad1e769348e8cff78bd2f724c.webp\" class=\"attachment-full size-full not-transparent wp-post-image\" alt=\"\" srcset=\"https:\/\/chinesische-sprachschule-stuttgart.de\/media\/2025\/07\/wxsync-2025-07-53c01afad1e769348e8cff78bd2f724c.webp 1280w, https:\/\/chinesische-sprachschule-stuttgart.de\/media\/2025\/07\/wxsync-2025-07-53c01afad1e769348e8cff78bd2f724c-300x128.webp 300w, https:\/\/chinesische-sprachschule-stuttgart.de\/media\/2025\/07\/wxsync-2025-07-53c01afad1e769348e8cff78bd2f724c-1024x435.webp 1024w, https:\/\/chinesische-sprachschule-stuttgart.de\/media\/2025\/07\/wxsync-2025-07-53c01afad1e769348e8cff78bd2f724c-768x326.webp 768w, https:\/\/chinesische-sprachschule-stuttgart.de\/media\/2025\/07\/wxsync-2025-07-53c01afad1e769348e8cff78bd2f724c-18x8.webp 18w\" sizes=\"auto, (max-width: 1280px) 100vw, 1280px\" data-has-transparency=\"false\" data-dominant-color=\"956263\" title=\"\"><\/figure><\/a><h3 class=\"stk-block-posts__title\"><a href='https:\/\/chinesische-sprachschule-stuttgart.de\/de_de\/2025\/07\/02\/treffen-der-online-kursteilnehmer-mit-dem-duft-von-pinsel-und-tusche-landschaften-malen\/'>Treffen der Online-Kursteilnehmer: Mit dem Duft von Pinsel und Tusche Landschaften malen<\/a><\/h3><div class=\"stk-block-posts__excerpt\"><p>Im Hochsommer brennt die Sonne wie Feuer, und eine Hitzewelle rollt \u00fcber Stuttga&hellip;<\/p>\n<\/div><aside class=\"stk-block-posts__meta stk-subtitle has-text-align-right has-text-color\"><span>author<\/span><span class=\"stk-block-posts__meta-sep\">\u00b7<\/span><time datetime=\"2025-07-02T12:10:15+02:00\">2025\u5e747\u67082\u65e5<\/time><\/aside><\/article><\/div><\/div><div class=\"stk-block-posts__item\"><div class=\"stk-container stk-908a52e-container stk--no-background stk--no-padding\"><article><a href=\"https:\/\/chinesische-sprachschule-stuttgart.de\/de_de\/2025\/07\/01\/hervorragende-ergebnisse-bei-der-hsk-prufung-und-goldmedaillen-beim-chinesisch-rezitationswettbewerb\/\" class=\"stk-block-posts__image-link\"><figure class=\"stk-img-wrapper stk-image--shape-stretch\"><img loading=\"lazy\" decoding=\"async\" width=\"939\" height=\"399\" src=\"https:\/\/chinesische-sprachschule-stuttgart.de\/media\/2025\/07\/wxsync-2025-07-dddd64493298dfa07b29938b62d6f27e-2.webp\" class=\"attachment-full size-full not-transparent wp-post-image\" alt=\"\" srcset=\"https:\/\/chinesische-sprachschule-stuttgart.de\/media\/2025\/07\/wxsync-2025-07-dddd64493298dfa07b29938b62d6f27e-2.webp 939w, https:\/\/chinesische-sprachschule-stuttgart.de\/media\/2025\/07\/wxsync-2025-07-dddd64493298dfa07b29938b62d6f27e-2-300x127.webp 300w, https:\/\/chinesische-sprachschule-stuttgart.de\/media\/2025\/07\/wxsync-2025-07-dddd64493298dfa07b29938b62d6f27e-2-768x326.webp 768w, https:\/\/chinesische-sprachschule-stuttgart.de\/media\/2025\/07\/wxsync-2025-07-dddd64493298dfa07b29938b62d6f27e-2-18x8.webp 18w\" sizes=\"auto, (max-width: 939px) 100vw, 939px\" data-has-transparency=\"false\" data-dominant-color=\"9e9893\" title=\"\"><\/figure><\/a><h3 class=\"stk-block-posts__title\"><a href='https:\/\/chinesische-sprachschule-stuttgart.de\/de_de\/2025\/07\/01\/hervorragende-ergebnisse-bei-der-hsk-prufung-und-goldmedaillen-beim-chinesisch-rezitationswettbewerb\/'>Hervorragende Ergebnisse bei der HSK-Pr\u00fcfung und Goldmedaillen beim Chinesisch-Rezitationswettbewerb<\/a><\/h3><div class=\"stk-block-posts__excerpt\"><p>Hervorragende Ergebnisse bei der HSK-Pr\u00fcfung und Goldmedaillen beim Chinesisch-R&hellip;<\/p>\n<\/div><aside class=\"stk-block-posts__meta stk-subtitle has-text-align-right has-text-color\"><span>author<\/span><span class=\"stk-block-posts__meta-sep\">\u00b7<\/span><time datetime=\"2025-07-01T12:10:16+02:00\">2025\u5e747\u67081\u65e5<\/time><\/aside><\/article><\/div><\/div><div class=\"stk-block-posts__item\"><div class=\"stk-container stk-908a52e-container stk--no-background stk--no-padding\"><article><a href=\"https:\/\/chinesische-sprachschule-stuttgart.de\/de_de\/2025\/06\/09\/herzlicher-konsularservice-fur-die-chinesische-gemeinschaft-campus-als-brucke-der-warme\/\" class=\"stk-block-posts__image-link\"><figure class=\"stk-img-wrapper stk-image--shape-stretch\"><img loading=\"lazy\" decoding=\"async\" width=\"1080\" height=\"460\" src=\"https:\/\/chinesische-sprachschule-stuttgart.de\/media\/2025\/06\/wxsync-2025-06-bfcaa7de71a9186e0c4971322eed5720.webp\" class=\"attachment-full size-full not-transparent wp-post-image\" alt=\"\" srcset=\"https:\/\/chinesische-sprachschule-stuttgart.de\/media\/2025\/06\/wxsync-2025-06-bfcaa7de71a9186e0c4971322eed5720.webp 1080w, https:\/\/chinesische-sprachschule-stuttgart.de\/media\/2025\/06\/wxsync-2025-06-bfcaa7de71a9186e0c4971322eed5720-300x128.webp 300w, https:\/\/chinesische-sprachschule-stuttgart.de\/media\/2025\/06\/wxsync-2025-06-bfcaa7de71a9186e0c4971322eed5720-1024x436.webp 1024w, https:\/\/chinesische-sprachschule-stuttgart.de\/media\/2025\/06\/wxsync-2025-06-bfcaa7de71a9186e0c4971322eed5720-768x327.webp 768w, https:\/\/chinesische-sprachschule-stuttgart.de\/media\/2025\/06\/wxsync-2025-06-bfcaa7de71a9186e0c4971322eed5720-18x8.webp 18w\" sizes=\"auto, (max-width: 1080px) 100vw, 1080px\" data-has-transparency=\"false\" data-dominant-color=\"5c5c4e\" title=\"\"><\/figure><\/a><h3 class=\"stk-block-posts__title\"><a href='https:\/\/chinesische-sprachschule-stuttgart.de\/de_de\/2025\/06\/09\/herzlicher-konsularservice-fur-die-chinesische-gemeinschaft-campus-als-brucke-der-warme\/'>Herzlicher Konsularservice f\u00fcr die chinesische Gemeinschaft: Campus als Br\u00fccke der W\u00e4rme<\/a><\/h3><div class=\"stk-block-posts__excerpt\"><p>Ein gr\u00fcner Campus im Fr\u00fchlingswind \u2013 Die Chinesische Schule Stuttgart empf\u00e4ngt d&hellip;<\/p>\n<\/div><aside class=\"stk-block-posts__meta stk-subtitle has-text-align-right has-text-color\"><span>author<\/span><span class=\"stk-block-posts__meta-sep\">\u00b7<\/span><time datetime=\"2025-06-09T14:15:28+02:00\">2025\u5e746\u67089\u65e5<\/time><\/aside><\/article><\/div><\/div><div class=\"stk-block-posts__item\"><div class=\"stk-container stk-908a52e-container stk--no-background stk--no-padding\"><article><a href=\"https:\/\/chinesische-sprachschule-stuttgart.de\/de_de\/2025\/05\/22\/padagogisches-seminar-2025-der-chinesischen-schule-stuttgart-erfolgreich-abgehalten\/\" class=\"stk-block-posts__image-link\"><figure class=\"stk-img-wrapper stk-image--shape-stretch\"><img loading=\"lazy\" decoding=\"async\" width=\"930\" height=\"395\" src=\"https:\/\/chinesische-sprachschule-stuttgart.de\/media\/2025\/06\/wxsync-2025-06-e6cafd3d8c6ebb54ceedadace45828fe.webp\" class=\"attachment-full size-full not-transparent wp-post-image\" alt=\"\" srcset=\"https:\/\/chinesische-sprachschule-stuttgart.de\/media\/2025\/06\/wxsync-2025-06-e6cafd3d8c6ebb54ceedadace45828fe.webp 930w, https:\/\/chinesische-sprachschule-stuttgart.de\/media\/2025\/06\/wxsync-2025-06-e6cafd3d8c6ebb54ceedadace45828fe-300x127.webp 300w, https:\/\/chinesische-sprachschule-stuttgart.de\/media\/2025\/06\/wxsync-2025-06-e6cafd3d8c6ebb54ceedadace45828fe-768x326.webp 768w, https:\/\/chinesische-sprachschule-stuttgart.de\/media\/2025\/06\/wxsync-2025-06-e6cafd3d8c6ebb54ceedadace45828fe-18x8.webp 18w\" sizes=\"auto, (max-width: 930px) 100vw, 930px\" data-has-transparency=\"false\" data-dominant-color=\"6f584c\" title=\"\"><\/figure><\/a><h3 class=\"stk-block-posts__title\"><a href='https:\/\/chinesische-sprachschule-stuttgart.de\/de_de\/2025\/05\/22\/padagogisches-seminar-2025-der-chinesischen-schule-stuttgart-erfolgreich-abgehalten\/'>P\u00e4dagogisches Seminar 2025 der Chinesischen Schule Stuttgart erfolgreich abgehalten<\/a><\/h3><div class=\"stk-block-posts__excerpt\"><p>Vom 17. bis 18. Mai 2025 veranstaltete die Chinesische Schule Stuttgart ihr j\u00e4hr&hellip;<\/p>\n<\/div><aside class=\"stk-block-posts__meta stk-subtitle has-text-align-right has-text-color\"><span>author<\/span><span class=\"stk-block-posts__meta-sep\">\u00b7<\/span><time datetime=\"2025-05-22T14:15:59+02:00\">2025\u5e745\u670822\u65e5<\/time><\/aside><\/article><\/div><\/div><div class=\"stk-block-posts__item\"><div class=\"stk-container stk-908a52e-container stk--no-background stk--no-padding\"><article><a href=\"https:\/\/chinesische-sprachschule-stuttgart.de\/de_de\/2025\/05\/20\/tag-der-kulturen-chinesischer-charme-trifft-die-welt\/\" class=\"stk-block-posts__image-link\"><figure class=\"stk-img-wrapper stk-image--shape-stretch\"><img loading=\"lazy\" decoding=\"async\" width=\"1080\" height=\"460\" src=\"https:\/\/chinesische-sprachschule-stuttgart.de\/media\/2025\/06\/wxsync-2025-06-09e70d3bb9c54e3a69e6a7b82e349f83.webp\" class=\"attachment-full size-full not-transparent wp-post-image\" alt=\"\" srcset=\"https:\/\/chinesische-sprachschule-stuttgart.de\/media\/2025\/06\/wxsync-2025-06-09e70d3bb9c54e3a69e6a7b82e349f83.webp 1080w, https:\/\/chinesische-sprachschule-stuttgart.de\/media\/2025\/06\/wxsync-2025-06-09e70d3bb9c54e3a69e6a7b82e349f83-300x128.webp 300w, https:\/\/chinesische-sprachschule-stuttgart.de\/media\/2025\/06\/wxsync-2025-06-09e70d3bb9c54e3a69e6a7b82e349f83-1024x436.webp 1024w, https:\/\/chinesische-sprachschule-stuttgart.de\/media\/2025\/06\/wxsync-2025-06-09e70d3bb9c54e3a69e6a7b82e349f83-768x327.webp 768w, https:\/\/chinesische-sprachschule-stuttgart.de\/media\/2025\/06\/wxsync-2025-06-09e70d3bb9c54e3a69e6a7b82e349f83-18x8.webp 18w\" sizes=\"auto, (max-width: 1080px) 100vw, 1080px\" data-has-transparency=\"false\" data-dominant-color=\"905d4f\" title=\"\"><\/figure><\/a><h3 class=\"stk-block-posts__title\"><a href='https:\/\/chinesische-sprachschule-stuttgart.de\/de_de\/2025\/05\/20\/tag-der-kulturen-chinesischer-charme-trifft-die-welt\/'>Tag der Kulturen: Chinesischer Charme trifft die Welt<\/a><\/h3><div class=\"stk-block-posts__excerpt\"><p>Am 16. Mai fand der Tag der Kulturen Stuttgart im VHS-Geb\u00e4ude im Stadtzentrum st&hellip;<\/p>\n<\/div><aside class=\"stk-block-posts__meta stk-subtitle has-text-align-right has-text-color\"><span>author<\/span><span class=\"stk-block-posts__meta-sep\">\u00b7<\/span><time datetime=\"2025-05-20T14:28:20+02:00\">2025\u5e745\u670820\u65e5<\/time><\/aside><\/article><\/div><\/div><div class=\"stk-block-posts__item\"><div class=\"stk-container stk-908a52e-container stk--no-background stk--no-padding\"><article><a href=\"https:\/\/chinesische-sprachschule-stuttgart.de\/de_de\/2025\/05\/15\/literarisches-dali-eine-virtuelle-reise-zum-erhai-see-lesen-und-das-kulturerbe-gemeinsam-pflegen\/\" class=\"stk-block-posts__image-link\"><figure class=\"stk-img-wrapper stk-image--shape-stretch\"><img loading=\"lazy\" decoding=\"async\" width=\"1080\" height=\"459\" src=\"https:\/\/chinesische-sprachschule-stuttgart.de\/media\/2025\/06\/wxsync-2025-06-27734f849cd8d762635aa71acc58470b.webp\" class=\"attachment-full size-full not-transparent wp-post-image\" alt=\"\" srcset=\"https:\/\/chinesische-sprachschule-stuttgart.de\/media\/2025\/06\/wxsync-2025-06-27734f849cd8d762635aa71acc58470b.webp 1080w, https:\/\/chinesische-sprachschule-stuttgart.de\/media\/2025\/06\/wxsync-2025-06-27734f849cd8d762635aa71acc58470b-300x128.webp 300w, https:\/\/chinesische-sprachschule-stuttgart.de\/media\/2025\/06\/wxsync-2025-06-27734f849cd8d762635aa71acc58470b-1024x435.webp 1024w, https:\/\/chinesische-sprachschule-stuttgart.de\/media\/2025\/06\/wxsync-2025-06-27734f849cd8d762635aa71acc58470b-768x326.webp 768w, https:\/\/chinesische-sprachschule-stuttgart.de\/media\/2025\/06\/wxsync-2025-06-27734f849cd8d762635aa71acc58470b-18x8.webp 18w\" sizes=\"auto, (max-width: 1080px) 100vw, 1080px\" data-has-transparency=\"false\" data-dominant-color=\"898984\" title=\"\"><\/figure><\/a><h3 class=\"stk-block-posts__title\"><a href='https:\/\/chinesische-sprachschule-stuttgart.de\/de_de\/2025\/05\/15\/literarisches-dali-eine-virtuelle-reise-zum-erhai-see-lesen-und-das-kulturerbe-gemeinsam-pflegen\/'>Literarisches Dali: Eine virtuelle Reise zum Erhai-See \u2013 Lesen und das Kulturerbe gemeinsam pflegen<\/a><\/h3><div class=\"stk-block-posts__excerpt\"><p>Um mehr jungen Auslandschinesen den Charme der chinesischen Sprache n\u00e4herzubring&hellip;<\/p>\n<\/div><aside class=\"stk-block-posts__meta stk-subtitle has-text-align-right has-text-color\"><span>author<\/span><span class=\"stk-block-posts__meta-sep\">\u00b7<\/span><time datetime=\"2025-05-15T14:21:09+02:00\">2025\u5e745\u670815\u65e5<\/time><\/aside><\/article><\/div><\/div><div class=\"stk-block-posts__item\"><div class=\"stk-container stk-908a52e-container stk--no-background stk--no-padding\"><article><a href=\"https:\/\/chinesische-sprachschule-stuttgart.de\/de_de\/2025\/01\/20\/nanjing-delegation-zu-besuch-austausch-im-bildungsbereich-zwischen-china-und-deutschland\/\" class=\"stk-block-posts__image-link\"><figure class=\"stk-img-wrapper stk-image--shape-stretch\"><img loading=\"lazy\" decoding=\"async\" width=\"1024\" height=\"461\" src=\"https:\/\/chinesische-sprachschule-stuttgart.de\/media\/2025\/01\/nanjingkaochatuan-2e0ac6bc.webp\" class=\"attachment-full size-full wp-post-image\" alt=\"\" srcset=\"https:\/\/chinesische-sprachschule-stuttgart.de\/media\/2025\/01\/nanjingkaochatuan-2e0ac6bc.webp 1024w, https:\/\/chinesische-sprachschule-stuttgart.de\/media\/2025\/01\/nanjingkaochatuan-2e0ac6bc-300x135.webp 300w, https:\/\/chinesische-sprachschule-stuttgart.de\/media\/2025\/01\/nanjingkaochatuan-2e0ac6bc-768x346.webp 768w, https:\/\/chinesische-sprachschule-stuttgart.de\/media\/2025\/01\/nanjingkaochatuan-2e0ac6bc-18x8.webp 18w\" sizes=\"auto, (max-width: 1024px) 100vw, 1024px\" title=\"\"><\/figure><\/a><h3 class=\"stk-block-posts__title\"><a href='https:\/\/chinesische-sprachschule-stuttgart.de\/de_de\/2025\/01\/20\/nanjing-delegation-zu-besuch-austausch-im-bildungsbereich-zwischen-china-und-deutschland\/'>Nanjing-Delegation zu Besuch \u2013 Austausch im Bildungsbereich zwischen China und Deutschland<\/a><\/h3><div class=\"stk-block-posts__excerpt\"><p>K\u00fcrzlich reiste eine f\u00fcnfk\u00f6pfige Delegation des Bildungs- und Kulturamts Nanjing&hellip;<\/p>\n<\/div><aside class=\"stk-block-posts__meta stk-subtitle has-text-align-right has-text-color\"><span>author<\/span><span class=\"stk-block-posts__meta-sep\">\u00b7<\/span><time datetime=\"2025-01-20T22:26:09+01:00\">2025\u5e741\u670820\u65e5<\/time><\/aside><\/article><\/div><\/div><\/div><div class=\"stk-inner-blocks\"><\/div><\/div><\/div>","protected":false},"excerpt":{"rendered":"<p>Fr\u00fchlingsfest auf dem Tempelma [&hellip;]<\/p>\n","protected":false},"author":1,"featured_media":0,"parent":0,"menu_order":5,"comment_status":"closed","ping_status":"closed","template":"","meta":{"_acf_changed":false,"_EventAllDay":false,"_EventTimezone":"","_EventStartDate":"","_EventEndDate":"","_EventStartDateUTC":"","_EventEndDateUTC":"","_EventShowMap":false,"_EventShowMapLink":false,"_EventURL":"","_EventCost":"","_EventCostDescription":"","_EventCurrencySymbol":"","_EventCurrencyCode":"","_EventCurrencyPosition":"","_EventDateTimeSeparator":"","_EventTimeRangeSeparator":"","_EventOrganizerID":[],"_EventVenueID":[],"_OrganizerEmail":"","_OrganizerPhone":"","_OrganizerWebsite":"","_VenueAddress":"","_VenueCity":"","_VenueCountry":"","_VenueProvince":"","_VenueState":"","_VenueZip":"","_VenuePhone":"","_VenueURL":"","_VenueStateProvince":"","_VenueLat":"","_VenueLng":"","_VenueShowMap":false,"_VenueShowMapLink":false,"_themeisle_gutenberg_block_has_review":false,"footnotes":""},"class_list":["post-22","page","type-page","status-publish","hentry"],"acf":[],"jetpack_sharing_enabled":true,"jetpack-related-posts":[{"id":12,"url":"https:\/\/chinesische-sprachschule-stuttgart.de\/de_de\/school-intro-page\/","url_meta":{"origin":22,"position":0},"title":"\u00dcBER UNS","author":"admin","date":"2025\u5e741\u670815\u65e5","format":false,"excerpt":"\u5b66\u6821\u6982\u51b5 \u5fb7\u56fd\u65af\u56fe\u52a0\u7279\u6c49\u8bed\u5b66\u6821\u521b\u5efa\u4e8e1997\u5e74\uff0c\u5e76\u5206\u522b\u4e8e2016\u5e74\u30012018\u5e74\u5728Ostfildern\u2026","rel":"","context":"\u00c4hnlicher Beitrag","block_context":{"text":"\u00c4hnlicher Beitrag","link":""},"img":{"alt_text":"","src":"https:\/\/i0.wp.com\/chinesische-sprachschule-stuttgart.de\/media\/2025\/04\/SZ2-scaled.jpg?resize=350%2C200&ssl=1","width":350,"height":200,"srcset":"https:\/\/i0.wp.com\/chinesische-sprachschule-stuttgart.de\/media\/2025\/04\/SZ2-scaled.jpg?resize=350%2C200&ssl=1 1x, https:\/\/i0.wp.com\/chinesische-sprachschule-stuttgart.de\/media\/2025\/04\/SZ2-scaled.jpg?resize=525%2C300&ssl=1 1.5x, https:\/\/i0.wp.com\/chinesische-sprachschule-stuttgart.de\/media\/2025\/04\/SZ2-scaled.jpg?resize=700%2C400&ssl=1 2x, https:\/\/i0.wp.com\/chinesische-sprachschule-stuttgart.de\/media\/2025\/04\/SZ2-scaled.jpg?resize=1050%2C600&ssl=1 3x, https:\/\/i0.wp.com\/chinesische-sprachschule-stuttgart.de\/media\/2025\/04\/SZ2-scaled.jpg?resize=1400%2C800&ssl=1 4x"},"classes":[]},{"id":15,"url":"https:\/\/chinesische-sprachschule-stuttgart.de\/de_de\/course-page\/","url_meta":{"origin":22,"position":1},"title":"Kursangebote","author":"admin","date":"2025\u5e741\u670815\u65e5","format":false,"excerpt":"Stuttgart \u603b\u6821 \u4eb2\u5b50\u5b9d\u5b9d\u5c0f\u73ed\u3001\u5927\u73ed\uff0c\u56db\u4e94\u5feb\u8bfb\u73ed\uff0c\u5e7c\u513f\u73ed\uff084-5\u5c81\uff09\uff0c\u5b66\u524d\u73ed\uff085\u5c81\u4ee5\u4e0a\uff09\uff0c\u5404\u2026","rel":"","context":"\u00c4hnlicher Beitrag","block_context":{"text":"\u00c4hnlicher Beitrag","link":""},"img":{"alt_text":"","src":"","width":0,"height":0},"classes":[]}],"jetpack_shortlink":"https:\/\/wp.me\/PgAON2-m","rttpg_featured_image_url":null,"rttpg_author":{"display_name":"admin","author_link":"https:\/\/chinesische-sprachschule-stuttgart.de\/de_de\/author\/admin\/"},"rttpg_comment":0,"rttpg_category":null,"rttpg_excerpt":"Fr\u00fchlingsfest auf dem Tempelma [&hellip;]","_links":{"self":[{"href":"https:\/\/chinesische-sprachschule-stuttgart.de\/de_de\/wp-json\/wp\/v2\/pages\/22","targetHints":{"allow":["GET"]}}],"collection":[{"href":"https:\/\/chinesische-sprachschule-stuttgart.de\/de_de\/wp-json\/wp\/v2\/pages"}],"about":[{"href":"https:\/\/chinesische-sprachschule-stuttgart.de\/de_de\/wp-json\/wp\/v2\/types\/page"}],"author":[{"embeddable":true,"href":"https:\/\/chinesische-sprachschule-stuttgart.de\/de_de\/wp-json\/wp\/v2\/users\/1"}],"replies":[{"embeddable":true,"href":"https:\/\/chinesische-sprachschule-stuttgart.de\/de_de\/wp-json\/wp\/v2\/comments?post=22"}],"version-history":[{"count":12,"href":"https:\/\/chinesische-sprachschule-stuttgart.de\/de_de\/wp-json\/wp\/v2\/pages\/22\/revisions"}],"predecessor-version":[{"id":2875,"href":"https:\/\/chinesische-sprachschule-stuttgart.de\/de_de\/wp-json\/wp\/v2\/pages\/22\/revisions\/2875"}],"wp:attachment":[{"href":"https:\/\/chinesische-sprachschule-stuttgart.de\/de_de\/wp-json\/wp\/v2\/media?parent=22"}],"curies":[{"name":"wp","href":"https:\/\/api.w.org\/{rel}","templated":true}]}}